{"id":30,"date":"2021-05-15T09:38:20","date_gmt":"2021-05-15T09:38:20","guid":{"rendered":"http:\/\/www.orthodoxe-agenais.fr\/?page_id=30"},"modified":"2025-06-21T11:18:48","modified_gmt":"2025-06-21T11:18:48","slug":"accueil","status":"publish","type":"page","link":"https:\/\/www.orthodoxe-agenais.fr\/","title":{"rendered":"Accueil"},"content":{"rendered":"\t\t<div data-elementor-type=\"wp-page\" data-elementor-id=\"30\" class=\"elementor elementor-30\">\n\t\t\t\t\t\t<section class=\"elementor-section elementor-top-section elementor-element elementor-element-924ed78 elementor-section-boxed elementor-section-height-default elementor-section-height-default\" data-id=\"924ed78\" data-element_type=\"section\">\n\t\t\t\t\t\t<div class=\"elementor-container elementor-column-gap-default\">\n\t\t\t\t\t<div class=\"elementor-column elementor-col-100 elementor-top-column elementor-element elementor-element-3e22861\" data-id=\"3e22861\" data-element_type=\"column\">\n\t\t\t<div class=\"elementor-widget-wrap elementor-element-populated\">\n\t\t\t\t\t\t<div class=\"elementor-element elementor-element-e6c543d elementor-widget elementor-widget-spacer\" data-id=\"e6c543d\" data-element_type=\"widget\" data-widget_type=\"spacer.default\">\n\t\t\t\t<div class=\"elementor-widget-container\">\n\t\t\t\t\t\t\t<div class=\"elementor-spacer\">\n\t\t\t<div class=\"elementor-spacer-inner\"><\/div>\n\t\t<\/div>\n\t\t\t\t\t\t<\/div>\n\t\t\t\t<\/div>\n\t\t\t\t<div class=\"elementor-element elementor-element-66202c6 elementor-widget elementor-widget-heading\" data-id=\"66202c6\" data-element_type=\"widget\" data-widget_type=\"heading.default\">\n\t\t\t\t<div class=\"elementor-widget-container\">\n\t\t\t\t\t<h2 class=\"elementor-heading-title elementor-size-default\">Une paroisse orthodoxe en agenais<\/h2>\t\t\t\t<\/div>\n\t\t\t\t<\/div>\n\t\t\t\t\t<\/div>\n\t\t<\/div>\n\t\t\t\t\t<\/div>\n\t\t<\/section>\n\t\t\t\t<section class=\"elementor-section elementor-top-section elementor-element elementor-element-520b6a7 elementor-section-boxed elementor-section-height-default elementor-section-height-default\" data-id=\"520b6a7\" data-element_type=\"section\">\n\t\t\t\t\t\t<div class=\"elementor-container elementor-column-gap-default\">\n\t\t\t\t\t<div class=\"elementor-column elementor-col-100 elementor-top-column elementor-element elementor-element-64161f1\" data-id=\"64161f1\" data-element_type=\"column\">\n\t\t\t<div class=\"elementor-widget-wrap elementor-element-populated\">\n\t\t\t\t\t\t<div class=\"elementor-element elementor-element-500a970 elementor-widget elementor-widget-spacer\" data-id=\"500a970\" data-element_type=\"widget\" data-widget_type=\"spacer.default\">\n\t\t\t\t<div class=\"elementor-widget-container\">\n\t\t\t\t\t\t\t<div class=\"elementor-spacer\">\n\t\t\t<div class=\"elementor-spacer-inner\"><\/div>\n\t\t<\/div>\n\t\t\t\t\t\t<\/div>\n\t\t\t\t<\/div>\n\t\t\t\t\t<\/div>\n\t\t<\/div>\n\t\t\t\t\t<\/div>\n\t\t<\/section>\n\t\t\t\t<section class=\"elementor-section elementor-top-section elementor-element elementor-element-268eb56 elementor-section-boxed elementor-section-height-default elementor-section-height-default\" data-id=\"268eb56\" data-element_type=\"section\">\n\t\t\t\t\t\t<div class=\"elementor-container elementor-column-gap-default\">\n\t\t\t\t\t<div class=\"elementor-column elementor-col-50 elementor-top-column elementor-element elementor-element-fec2684\" data-id=\"fec2684\" data-element_type=\"column\">\n\t\t\t<div class=\"elementor-widget-wrap elementor-element-populated\">\n\t\t\t\t\t\t<div class=\"elementor-element elementor-element-9ae7358 elementor-widget elementor-widget-image\" data-id=\"9ae7358\" data-element_type=\"widget\" data-widget_type=\"image.default\">\n\t\t\t\t<div class=\"elementor-widget-container\">\n\t\t\t\t\t\t\t\t\t\t\t\t\t\t\t<img fetchpriority=\"high\" decoding=\"async\" width=\"681\" height=\"1024\" src=\"https:\/\/www.orthodoxe-agenais.fr\/wp-content\/uploads\/2021\/06\/saint-sophrony-sanctuaire-681x1024.jpg\" class=\"attachment-large size-large wp-image-581\" alt=\"\" srcset=\"https:\/\/www.orthodoxe-agenais.fr\/wp-content\/uploads\/2021\/06\/saint-sophrony-sanctuaire-681x1024.jpg 681w, https:\/\/www.orthodoxe-agenais.fr\/wp-content\/uploads\/2021\/06\/saint-sophrony-sanctuaire-200x300.jpg 200w, https:\/\/www.orthodoxe-agenais.fr\/wp-content\/uploads\/2021\/06\/saint-sophrony-sanctuaire-768x1155.jpg 768w, https:\/\/www.orthodoxe-agenais.fr\/wp-content\/uploads\/2021\/06\/saint-sophrony-sanctuaire.jpg 798w\" sizes=\"(max-width: 681px) 100vw, 681px\" \/>\t\t\t\t\t\t\t\t\t\t\t\t\t\t\t<\/div>\n\t\t\t\t<\/div>\n\t\t\t\t<div class=\"elementor-element elementor-element-c137a1b elementor-widget elementor-widget-image\" data-id=\"c137a1b\" data-element_type=\"widget\" data-widget_type=\"image.default\">\n\t\t\t\t<div class=\"elementor-widget-container\">\n\t\t\t\t\t\t\t\t\t\t\t\t\t\t\t<img decoding=\"async\" width=\"681\" height=\"1024\" src=\"https:\/\/www.orthodoxe-agenais.fr\/wp-content\/uploads\/2024\/02\/DSC04861-681x1024.jpg\" class=\"attachment-large size-large wp-image-1147\" alt=\"\" srcset=\"https:\/\/www.orthodoxe-agenais.fr\/wp-content\/uploads\/2024\/02\/DSC04861-681x1024.jpg 681w, https:\/\/www.orthodoxe-agenais.fr\/wp-content\/uploads\/2024\/02\/DSC04861-199x300.jpg 199w, https:\/\/www.orthodoxe-agenais.fr\/wp-content\/uploads\/2024\/02\/DSC04861-768x1155.jpg 768w, https:\/\/www.orthodoxe-agenais.fr\/wp-content\/uploads\/2024\/02\/DSC04861-1021x1536.jpg 1021w, https:\/\/www.orthodoxe-agenais.fr\/wp-content\/uploads\/2024\/02\/DSC04861-1362x2048.jpg 1362w, https:\/\/www.orthodoxe-agenais.fr\/wp-content\/uploads\/2024\/02\/DSC04861-scaled.jpg 1702w\" sizes=\"(max-width: 681px) 100vw, 681px\" \/>\t\t\t\t\t\t\t\t\t\t\t\t\t\t\t<\/div>\n\t\t\t\t<\/div>\n\t\t\t\t\t<\/div>\n\t\t<\/div>\n\t\t\t\t<div class=\"elementor-column elementor-col-50 elementor-top-column elementor-element elementor-element-24673f1\" data-id=\"24673f1\" data-element_type=\"column\">\n\t\t\t<div class=\"elementor-widget-wrap elementor-element-populated\">\n\t\t\t\t\t\t<div class=\"elementor-element elementor-element-14713da elementor-widget elementor-widget-text-editor\" data-id=\"14713da\" data-element_type=\"widget\" data-widget_type=\"text-editor.default\">\n\t\t\t\t<div class=\"elementor-widget-container\">\n\t\t\t\t\t\t\t\t\t<p>La communaut\u00e9 paroissiale St Sophrony et Ste Marie Madeleine est rattach\u00e9e \u00e0 la M\u00e9tropole de France du Patriarcat oecum\u00e9nique de Constantinople, dans la branche du Vicariat Sainte Marie de Paris et Saint Alexis le Juste.<\/p><p>Situ\u00e9e en Lot-et-Garonne, pr\u00e8s d&rsquo;Agen, elle c\u00e9l\u00e8bre des offices orthodoxes, en fran\u00e7ais et dans la tradition slave.<\/p><p>Les c\u00e9l\u00e9brations ont lieu dans une jolie petite \u00e9glise romane de campagne, pr\u00eat\u00e9e par l&rsquo;\u00c9glise catholique.<\/p><p>Depuis 2021 il est propos\u00e9 une Divine Liturgie environ une fois par mois \u00e0 10h, essentiellement le 2\u00e8me dimanche du mois, et \u00e9galement la c\u00e9l\u00e9bration des grandes f\u00eates, autant que possible.<\/p><p><a href=\"https:\/\/www.orthodoxe-agenais.fr\/?page_id=29\">Voir le calendrier liturgique<\/a><\/p><p>Sont \u00e9galement c\u00e9l\u00e9br\u00e9s des bapt\u00eames, mariages, chrismations d&rsquo;adultes baptis\u00e9s, fun\u00e9railles, offices des d\u00e9funts, b\u00e9n\u00e9diction des maisons.<\/p><p>Le clerg\u00e9 de la paroisse est compos\u00e9 de p\u00e8re Yannick Provost, recteur et r\u00e9sidant en Bretagne, de p\u00e8re Andr\u00e9 Lossky, pr\u00eatre desservant et r\u00e9sidant en Dordogne, et de diacre Cyrille Boland qui, avec son \u00e9pouse Marie, organisent les activit\u00e9s de la communaut\u00e9 paroissiale.<\/p><p>Un camp des familles de 4 jours est organis\u00e9 chaque ann\u00e9e pendant l&rsquo;\u00e9t\u00e9.<\/p><p>La paroisse co-organise une journ\u00e9e de pri\u00e8re oecum\u00e9nique pour la Cr\u00e9ation, autour du 1er septembre.<\/p><p>Gens de l&rsquo;agenais (ou d&rsquo;ailleurs), la paroisse St Sophrony et Ste Marie Madeleine vous souhaite la bienvenue.<\/p>\t\t\t\t\t\t\t\t<\/div>\n\t\t\t\t<\/div>\n\t\t\t\t<div class=\"elementor-element elementor-element-edf4c23 elementor-widget elementor-widget-image\" data-id=\"edf4c23\" data-element_type=\"widget\" data-widget_type=\"image.default\">\n\t\t\t\t<div class=\"elementor-widget-container\">\n\t\t\t\t\t\t\t\t\t\t\t\t\t\t\t<img decoding=\"async\" width=\"1024\" height=\"681\" src=\"https:\/\/www.orthodoxe-agenais.fr\/wp-content\/uploads\/2023\/01\/eglise-madaillan-orthodoxe-1024x681.jpg\" class=\"attachment-large size-large wp-image-980\" alt=\"\" srcset=\"https:\/\/www.orthodoxe-agenais.fr\/wp-content\/uploads\/2023\/01\/eglise-madaillan-orthodoxe-1024x681.jpg 1024w, https:\/\/www.orthodoxe-agenais.fr\/wp-content\/uploads\/2023\/01\/eglise-madaillan-orthodoxe-300x200.jpg 300w, https:\/\/www.orthodoxe-agenais.fr\/wp-content\/uploads\/2023\/01\/eglise-madaillan-orthodoxe-768x511.jpg 768w, https:\/\/www.orthodoxe-agenais.fr\/wp-content\/uploads\/2023\/01\/eglise-madaillan-orthodoxe.jpg 1200w\" sizes=\"(max-width: 1024px) 100vw, 1024px\" \/>\t\t\t\t\t\t\t\t\t\t\t\t\t\t\t<\/div>\n\t\t\t\t<\/div>\n\t\t\t\t\t<\/div>\n\t\t<\/div>\n\t\t\t\t\t<\/div>\n\t\t<\/section>\n\t\t\t\t<section class=\"elementor-section elementor-top-section elementor-element elementor-element-36854ee elementor-section-boxed elementor-section-height-default elementor-section-height-default\" data-id=\"36854ee\" data-element_type=\"section\">\n\t\t\t\t\t\t<div class=\"elementor-container elementor-column-gap-default\">\n\t\t\t\t\t<div class=\"elementor-column elementor-col-100 elementor-top-column elementor-element elementor-element-5c46e61\" data-id=\"5c46e61\" data-element_type=\"column\">\n\t\t\t<div class=\"elementor-widget-wrap\">\n\t\t\t\t\t\t\t<\/div>\n\t\t<\/div>\n\t\t\t\t\t<\/div>\n\t\t<\/section>\n\t\t\t\t<section class=\"elementor-section elementor-top-section elementor-element elementor-element-ce1caf6 elementor-section-boxed elementor-section-height-default elementor-section-height-default\" data-id=\"ce1caf6\" data-element_type=\"section\">\n\t\t\t\t\t\t<div class=\"elementor-container elementor-column-gap-default\">\n\t\t\t\t\t<div class=\"elementor-column elementor-col-33 elementor-top-column elementor-element elementor-element-abf4cc9\" data-id=\"abf4cc9\" data-element_type=\"column\">\n\t\t\t<div class=\"elementor-widget-wrap elementor-element-populated\">\n\t\t\t\t\t\t<div class=\"elementor-element elementor-element-090eb43 elementor-widget elementor-widget-image\" data-id=\"090eb43\" data-element_type=\"widget\" data-widget_type=\"image.default\">\n\t\t\t\t<div class=\"elementor-widget-container\">\n\t\t\t\t\t\t\t\t\t\t\t\t\t\t\t<img loading=\"lazy\" decoding=\"async\" width=\"461\" height=\"1024\" src=\"https:\/\/www.orthodoxe-agenais.fr\/wp-content\/uploads\/2023\/12\/fraysse-sans-clerge-461x1024.jpg\" class=\"attachment-large size-large wp-image-1093\" alt=\"\" srcset=\"https:\/\/www.orthodoxe-agenais.fr\/wp-content\/uploads\/2023\/12\/fraysse-sans-clerge-461x1024.jpg 461w, https:\/\/www.orthodoxe-agenais.fr\/wp-content\/uploads\/2023\/12\/fraysse-sans-clerge-135x300.jpg 135w, https:\/\/www.orthodoxe-agenais.fr\/wp-content\/uploads\/2023\/12\/fraysse-sans-clerge.jpg 540w\" sizes=\"(max-width: 461px) 100vw, 461px\" \/>\t\t\t\t\t\t\t\t\t\t\t\t\t\t\t<\/div>\n\t\t\t\t<\/div>\n\t\t\t\t\t<\/div>\n\t\t<\/div>\n\t\t\t\t<div class=\"elementor-column elementor-col-33 elementor-top-column elementor-element elementor-element-566079c\" data-id=\"566079c\" data-element_type=\"column\">\n\t\t\t<div class=\"elementor-widget-wrap elementor-element-populated\">\n\t\t\t\t\t\t<div class=\"elementor-element elementor-element-46bada2 elementor-widget elementor-widget-image\" data-id=\"46bada2\" data-element_type=\"widget\" data-widget_type=\"image.default\">\n\t\t\t\t<div class=\"elementor-widget-container\">\n\t\t\t\t\t\t\t\t\t\t\t\t\t\t\t<img loading=\"lazy\" decoding=\"async\" width=\"461\" height=\"1024\" src=\"https:\/\/www.orthodoxe-agenais.fr\/wp-content\/uploads\/2023\/12\/fraysseechapiteau-exterieur-461x1024.jpg\" class=\"attachment-large size-large wp-image-1090\" alt=\"\" srcset=\"https:\/\/www.orthodoxe-agenais.fr\/wp-content\/uploads\/2023\/12\/fraysseechapiteau-exterieur-461x1024.jpg 461w, https:\/\/www.orthodoxe-agenais.fr\/wp-content\/uploads\/2023\/12\/fraysseechapiteau-exterieur-135x300.jpg 135w, https:\/\/www.orthodoxe-agenais.fr\/wp-content\/uploads\/2023\/12\/fraysseechapiteau-exterieur.jpg 540w\" sizes=\"(max-width: 461px) 100vw, 461px\" \/>\t\t\t\t\t\t\t\t\t\t\t\t\t\t\t<\/div>\n\t\t\t\t<\/div>\n\t\t\t\t\t<\/div>\n\t\t<\/div>\n\t\t\t\t<div class=\"elementor-column elementor-col-33 elementor-top-column elementor-element elementor-element-c083448\" data-id=\"c083448\" data-element_type=\"column\">\n\t\t\t<div class=\"elementor-widget-wrap elementor-element-populated\">\n\t\t\t\t\t\t<div class=\"elementor-element elementor-element-3fba87d elementor-widget elementor-widget-image\" data-id=\"3fba87d\" data-element_type=\"widget\" data-widget_type=\"image.default\">\n\t\t\t\t<div class=\"elementor-widget-container\">\n\t\t\t\t\t\t\t\t\t\t\t\t\t\t\t<img loading=\"lazy\" decoding=\"async\" width=\"461\" height=\"1024\" src=\"https:\/\/www.orthodoxe-agenais.fr\/wp-content\/uploads\/2023\/12\/fraysse-clocher-461x1024.jpg\" class=\"attachment-large size-large wp-image-1089\" alt=\"\" srcset=\"https:\/\/www.orthodoxe-agenais.fr\/wp-content\/uploads\/2023\/12\/fraysse-clocher-461x1024.jpg 461w, https:\/\/www.orthodoxe-agenais.fr\/wp-content\/uploads\/2023\/12\/fraysse-clocher-135x300.jpg 135w, https:\/\/www.orthodoxe-agenais.fr\/wp-content\/uploads\/2023\/12\/fraysse-clocher.jpg 540w\" sizes=\"(max-width: 461px) 100vw, 461px\" \/>\t\t\t\t\t\t\t\t\t\t\t\t\t\t\t<\/div>\n\t\t\t\t<\/div>\n\t\t\t\t\t<\/div>\n\t\t<\/div>\n\t\t\t\t\t<\/div>\n\t\t<\/section>\n\t\t\t\t<section class=\"elementor-section elementor-top-section elementor-element elementor-element-777caf4 elementor-section-boxed elementor-section-height-default elementor-section-height-default\" data-id=\"777caf4\" data-element_type=\"section\">\n\t\t\t\t\t\t<div class=\"elementor-container elementor-column-gap-default\">\n\t\t\t\t\t<div class=\"elementor-column elementor-col-100 elementor-top-column elementor-element elementor-element-184cca2\" data-id=\"184cca2\" data-element_type=\"column\">\n\t\t\t<div class=\"elementor-widget-wrap elementor-element-populated\">\n\t\t\t\t\t\t<div class=\"elementor-element elementor-element-3be356d elementor-widget elementor-widget-spacer\" data-id=\"3be356d\" data-element_type=\"widget\" data-widget_type=\"spacer.default\">\n\t\t\t\t<div class=\"elementor-widget-container\">\n\t\t\t\t\t\t\t<div class=\"elementor-spacer\">\n\t\t\t<div class=\"elementor-spacer-inner\"><\/div>\n\t\t<\/div>\n\t\t\t\t\t\t<\/div>\n\t\t\t\t<\/div>\n\t\t\t\t\t<\/div>\n\t\t<\/div>\n\t\t\t\t\t<\/div>\n\t\t<\/section>\n\t\t\t\t<\/div>\n\t\t","protected":false},"excerpt":{"rendered":"<p>Une paroisse orthodoxe en agenais La communaut\u00e9 paroissiale St Sophrony et Ste Marie Madeleine est rattach\u00e9e \u00e0 la M\u00e9tropole de France du [&hellip;]<\/p>\n","protected":false},"author":1,"featured_media":0,"parent":0,"menu_order":0,"comment_status":"closed","ping_status":"closed","template":"elementor_header_footer","meta":{"footnotes":""},"class_list":["post-30","page","type-page","status-publish","hentry"],"_links":{"self":[{"href":"https:\/\/www.orthodoxe-agenais.fr\/index.php?rest_route=\/wp\/v2\/pages\/30","targetHints":{"allow":["GET"]}}],"collection":[{"href":"https:\/\/www.orthodoxe-agenais.fr\/index.php?rest_route=\/wp\/v2\/pages"}],"about":[{"href":"https:\/\/www.orthodoxe-agenais.fr\/index.php?rest_route=\/wp\/v2\/types\/page"}],"author":[{"embeddable":true,"href":"https:\/\/www.orthodoxe-agenais.fr\/index.php?rest_route=\/wp\/v2\/users\/1"}],"replies":[{"embeddable":true,"href":"https:\/\/www.orthodoxe-agenais.fr\/index.php?rest_route=%2Fwp%2Fv2%2Fcomments&post=30"}],"version-history":[{"count":152,"href":"https:\/\/www.orthodoxe-agenais.fr\/index.php?rest_route=\/wp\/v2\/pages\/30\/revisions"}],"predecessor-version":[{"id":1343,"href":"https:\/\/www.orthodoxe-agenais.fr\/index.php?rest_route=\/wp\/v2\/pages\/30\/revisions\/1343"}],"wp:attachment":[{"href":"https:\/\/www.orthodoxe-agenais.fr\/index.php?rest_route=%2Fwp%2Fv2%2Fmedia&parent=30"}],"curies":[{"name":"wp","href":"https:\/\/api.w.org\/{rel}","templated":true}]}}